{"id":48,"date":"2020-03-11T11:30:57","date_gmt":"2020-03-11T11:30:57","guid":{"rendered":"https:\/\/usep.cloudligue56.fr\/?page_id=48"},"modified":"2025-08-29T13:47:19","modified_gmt":"2025-08-29T13:47:19","slug":"rencontres-maternelles","status":"publish","type":"page","link":"https:\/\/usep.laligue56.org\/?page_id=48","title":{"rendered":"RENCONTRES MATERNELLES"},"content":{"rendered":"\n<h2 class=\"wp-block-heading has-light-green-cyan-color has-text-color\"><strong>P&rsquo;tit Bal (cycle 1)<\/strong> &#8211; 30 et 31 mars 2026<\/h2>\n\n\n\n<p>Le p&rsquo;tit bal est adapt\u00e9 \u00e0 une centaine d&rsquo;enfants de classes maternelles d&rsquo;\u00e9coles diff\u00e9rentes. En compl\u00e9ment des danses est propos\u00e9 un moment d&rsquo;expression corporelle, ponctu\u00e9 de comptines bretonnes. Les \u00ab vrais \u00bb musiciens, \u00e9tudiants du Centre de Formation des Musiciens Intervenants de Rennes jouent en acoustique et animent au milieu des enfants.<\/p>\n\n\n\n<p class=\"has-luminous-vivid-orange-color has-text-color\"><strong>R\u00e9pertoire des danses<\/strong> <strong>2026<\/strong><\/p>\n\n\n\n<ul class=\"wp-block-list\">\n<li><a href=\"https:\/\/cloudligue56.fr\/index.php\/s\/gfKnGkaNJattyfG\">Danse des Lapins<\/a><\/li>\n\n\n\n<li><a href=\"https:\/\/cloudligue56.fr\/index.php\/s\/z9JSofXY4LNW5nk\">La Foug\u00e8re<\/a><\/li>\n\n\n\n<li><a href=\"https:\/\/cloudligue56.fr\/index.php\/s\/6MiJQ8fmLxDAmj4\">Mains aux Genoux<\/a><\/li>\n\n\n\n<li><a href=\"https:\/\/cloudligue56.fr\/index.php\/s\/Ns5myZKZc7jbr8J\">Trois Coups de Talons<\/a><\/li>\n\n\n\n<li><a href=\"https:\/\/cloudligue56.fr\/index.php\/s\/56dQft52JrXt5mT\">Les Lavandi\u00e8res<\/a><\/li>\n\n\n\n<li><a href=\"https:\/\/cloudligue56.fr\/index.php\/s\/pdzwpZM25dtfdsG\">Mr de la Miranda<\/a><\/li>\n\n\n\n<li><a href=\"https:\/\/cloudligue56.fr\/index.php\/s\/TzFd4cEWkW4mtAP\">Ronde de l&rsquo;Avoine<\/a><\/li>\n\n\n\n<li><a href=\"https:\/\/cloudligue56.fr\/index.php\/s\/4KXcGFnSoNzjPNX\">Polka des enfants<\/a><\/li>\n<\/ul>\n\n\n\n<p><a href=\"https:\/\/cloudligue56.fr\/index.php\/s\/zjogp3WXFCTX7Yf\">Lien pour t\u00e9l\u00e9charger les danses en format mp3, les comptines, le cahier des charges&#8230;<\/a><\/p>\n\n\n\n<p><strong><a href=\"https:\/\/www.youtube.com\/playlist?list=PLQBnTiH8NU6vbXbzTXnhQwQSohKqSv2fz\">Lien vers les vid\u00e9os des danse<\/a><\/strong><a href=\"https:\/\/cloudligue56.fr\/index.php\/s\/jEixCaxx2BnF2mw\">25<\/a><\/p>\n\n\n\n<h2 class=\"wp-block-heading has-light-green-cyan-color has-text-color\"><strong>Matern&rsquo;athl\u00e9 <\/strong>(Novembre \u00e0 F\u00e9vrier)<\/h2>\n\n\n\n<p>Les rencontres Matern\u2019athl\u00e9 permettent aux enfants de cycle 1 de finaliser un cycle d\u2019apprentissage athl\u00e9tisme. Bas\u00e9es sur des situations-jeux autour du \u00ab\u00a0sauter, lancer, courir,&#8230;\u00a0\u00bb les enfants construisent un r\u00e9pertoire moteur athl\u00e9tique tout en d\u00e9veloppant de mani\u00e8re ludique leur motricit\u00e9 globale. En 2025, nous avons \u00e9galement ajout\u00e9s des ateliers handisport. Le d\u00e9fi de chaque rencontre est d\u2019atteindre collectivement un objectif sur un compteur d\u2019\u00e9nergie. L\u2019unit\u00e9 de mesure est le bouchon ! Tous les bouchons peuvent \u00eatre donn\u00e9s \u00e0 des associations collectrices.<\/p>\n\n\n\n<p><a href=\"https:\/\/cloudligue56.fr\/index.php\/s\/jwxj3N6tHwsKXTe\">Cahier des charges Matern&rsquo;athl\u00e9 2025-2026<\/a><\/p>\n\n\n\n<p><\/p>\n\n\n\n<h2 class=\"wp-block-heading has-light-green-cyan-color has-text-color\"><strong>Printemps des Maternelles <\/strong>(Mai-Juin)<\/h2>\n\n\n\n<p>Cette ann\u00e9e, chaque classe se verra attribuer un atelier d\u00e9j\u00e0 imagin\u00e9 par l\u2019USEP, accompagn\u00e9 d\u2019une fiche explicative. Les enseignants n\u2019auront donc plus \u00e0 inventer l\u2019activit\u00e9, mais seulement \u00e0 pr\u00e9parer le mat\u00e9riel, installer et animer l\u2019atelier le jour de la rencontre. <br>Ce nouveau format all\u00e8ge la pr\u00e9paration tout en maintenant l\u2019implication active des classes dans l\u2019organisation de l\u2019\u00e9v\u00e9nement.<\/p>\n\n\n\n<p>Apr\u00e8s une 1\u00e8re \u00e9dition autour des JO, une nouvelle histoire verra le jour pour habiller cette rencontre.<\/p>\n\n\n\n<p><strong>Immersion dans une Histoire :<\/strong> Au d\u00e9but de la rencontre, une histoire sera racont\u00e9e aux \u00e9l\u00e8ves pour les plonger dans l\u2019univers de la mission \u00e0 accomplir.<\/p>\n\n\n\n<p><strong>Participation aux Ateliers :<\/strong> Les enfants participeront ensuite \u00e0 un plateau de six ateliers, anim\u00e9s par les diff\u00e9rentes classes. \u00c0 chaque atelier compl\u00e9t\u00e9, les enfants remporteront une r\u00e9compense sous forme d\u2019une pi\u00e8ce de puzzle li\u00e9e \u00e0 l\u2019\u00e9nigme de l\u2019histoire.<\/p>\n\n\n\n<p><strong>R\u00e9solution de l&rsquo;\u00c9nigme et Pique-Nique Z\u00e9ro D\u00e9chet :<\/strong> Une fois tous les ateliers termin\u00e9s, les \u00e9l\u00e8ves assembleront les pi\u00e8ces de puzzle collect\u00e9es pour r\u00e9soudre l\u2019\u00e9nigme de l\u2019histoire. La rencontre se conclura par un moment convivial avec un pique-nique z\u00e9ro d\u00e9chet \u00e0 l\u2019heure du midi.<\/p>\n\n\n\n<p><a href=\"https:\/\/cloudligue56.fr\/index.php\/s\/jwxj3N6tHwsKXTe\">Cahier des charges Printemps des Maternelles 2025-2026<\/a><\/p>\n\n\n<div class=\"wp-block-image\">\n<figure class=\"aligncenter size-full\"><img loading=\"lazy\" decoding=\"async\" width=\"600\" height=\"56\" src=\"https:\/\/usep.laligue56.org\/wp-content\/uploads\/2022\/02\/mater.jpg\" alt=\"\" class=\"wp-image-850\" srcset=\"https:\/\/usep.laligue56.org\/wp-content\/uploads\/2022\/02\/mater.jpg 600w, https:\/\/usep.laligue56.org\/wp-content\/uploads\/2022\/02\/mater-300x28.jpg 300w\" sizes=\"(max-width: 600px) 100vw, 600px\" \/><\/figure><\/div>\n\n\n<p class=\"has-vivid-red-color has-text-color has-link-color wp-elements-c9365267f914bd71ea50e5e539e3962b\"><\/p>\n","protected":false},"excerpt":{"rendered":"<p>P&rsquo;tit Bal (cycle 1) &#8211; 30 et 31 mars 2026 Le p&rsquo;tit bal est adapt\u00e9 \u00e0 une centaine d&rsquo;enfants de classes maternelles d&rsquo;\u00e9coles diff\u00e9rentes. En compl\u00e9ment des danses est propos\u00e9 un moment d&rsquo;expression corporelle, ponctu\u00e9 de comptines bretonnes. Les \u00ab vrais \u00bb musiciens, \u00e9tudiants du Centre de Formation des Musiciens Intervenants de Rennes jouent en [&hellip;]<\/p>\n","protected":false},"author":1,"featured_media":0,"parent":0,"menu_order":0,"comment_status":"closed","ping_status":"closed","template":"","meta":{"footnotes":""},"class_list":["post-48","page","type-page","status-publish","hentry","post"],"_links":{"self":[{"href":"https:\/\/usep.laligue56.org\/index.php?rest_route=\/wp\/v2\/pages\/48"}],"collection":[{"href":"https:\/\/usep.laligue56.org\/index.php?rest_route=\/wp\/v2\/pages"}],"about":[{"href":"https:\/\/usep.laligue56.org\/index.php?rest_route=\/wp\/v2\/types\/page"}],"author":[{"embeddable":true,"href":"https:\/\/usep.laligue56.org\/index.php?rest_route=\/wp\/v2\/users\/1"}],"replies":[{"embeddable":true,"href":"https:\/\/usep.laligue56.org\/index.php?rest_route=%2Fwp%2Fv2%2Fcomments&post=48"}],"version-history":[{"count":29,"href":"https:\/\/usep.laligue56.org\/index.php?rest_route=\/wp\/v2\/pages\/48\/revisions"}],"predecessor-version":[{"id":1626,"href":"https:\/\/usep.laligue56.org\/index.php?rest_route=\/wp\/v2\/pages\/48\/revisions\/1626"}],"wp:attachment":[{"href":"https:\/\/usep.laligue56.org\/index.php?rest_route=%2Fwp%2Fv2%2Fmedia&parent=48"}],"curies":[{"name":"wp","href":"https:\/\/api.w.org\/{rel}","templated":true}]}}